{"id":3807,"date":"2020-09-28T09:36:28","date_gmt":"2020-09-28T09:36:28","guid":{"rendered":"https:\/\/parcboscdental.com\/especialitats\/ortodoncia\/"},"modified":"2021-01-18T14:11:42","modified_gmt":"2021-01-18T14:11:42","slug":"ortodoncia","status":"publish","type":"page","link":"https:\/\/parcboscdental.com\/ca\/especialitats\/ortodoncia\/","title":{"rendered":"Ortod\u00f2ncia"},"content":{"rendered":"\t\t<div data-elementor-type=\"wp-page\" data-elementor-id=\"3807\" class=\"elementor elementor-3807 elementor-3399\">\n\t\t\t\t\t\t<section class=\"elementor-section elementor-top-section elementor-element elementor-element-eadd5e9 elementor-section-height-min-height elementor-section-boxed elementor-section-height-default elementor-section-items-middle\" data-id=\"eadd5e9\" data-element_type=\"section\" data-e-type=\"section\" data-settings=\"{&quot;background_background&quot;:&quot;classic&quot;}\">\n\t\t\t\t\t\t<div class=\"elementor-container elementor-column-gap-default\">\n\t\t\t\t\t<div class=\"elementor-column elementor-col-50 elementor-top-column elementor-element elementor-element-09084ae\" data-id=\"09084ae\" data-element_type=\"column\" data-e-type=\"column\">\n\t\t\t<div class=\"elementor-widget-wrap elementor-element-populated\">\n\t\t\t\t\t\t<div class=\"elementor-element elementor-element-38effbb elementor-widget elementor-widget-heading\" data-id=\"38effbb\" data-element_type=\"widget\" data-e-type=\"widget\" data-widget_type=\"heading.default\">\n\t\t\t\t<div class=\"elementor-widget-container\">\n\t\t\t\t\t<h1 class=\"elementor-heading-title elementor-size-default\">Ortod\u00f2ncia<\/h1>\t\t\t\t<\/div>\n\t\t\t\t<\/div>\n\t\t\t\t\t<\/div>\n\t\t<\/div>\n\t\t\t\t<div class=\"elementor-column elementor-col-50 elementor-top-column elementor-element elementor-element-ccd498b\" data-id=\"ccd498b\" data-element_type=\"column\" data-e-type=\"column\">\n\t\t\t<div class=\"elementor-widget-wrap\">\n\t\t\t\t\t\t\t<\/div>\n\t\t<\/div>\n\t\t\t\t\t<\/div>\n\t\t<\/section>\n\t\t\t\t<section class=\"elementor-section elementor-top-section elementor-element elementor-element-98f5173 elementor-section-boxed elementor-section-height-default elementor-section-height-default\" data-id=\"98f5173\" data-element_type=\"section\" data-e-type=\"section\">\n\t\t\t\t\t\t<div class=\"elementor-container elementor-column-gap-default\">\n\t\t\t\t\t<div class=\"elementor-column elementor-col-50 elementor-top-column elementor-element elementor-element-9534638\" data-id=\"9534638\" data-element_type=\"column\" data-e-type=\"column\">\n\t\t\t<div class=\"elementor-widget-wrap elementor-element-populated\">\n\t\t\t\t\t\t<div class=\"elementor-element elementor-element-e29a1c4 elementor-widget elementor-widget-text-editor\" data-id=\"e29a1c4\" data-element_type=\"widget\" data-e-type=\"widget\" data-widget_type=\"text-editor.default\">\n\t\t\t\t<div class=\"elementor-widget-container\">\n\t\t\t\t\t\t\t\t\t<p>L&#8217;ortod\u00f2ncia \u00e9s una especialitat de l&#8217;odontologia que estudia, preveu i corregeix les alteracions del desenvolupament, les formes de les arcades dent\u00e0ries i la posici\u00f3 dels maxil\u00b7lars, amb l&#8217;objectiu de <strong>restablir l&#8217;equilibri tant en forma com en funci\u00f3 de la boca i de la cara<\/strong>, millorant tamb\u00e9 l&#8217;est\u00e8tica facial.<\/p>\n\t\t\t\t\t\t\t\t<\/div>\n\t\t\t\t<\/div>\n\t\t\t\t\t<\/div>\n\t\t<\/div>\n\t\t\t\t<div class=\"elementor-column elementor-col-50 elementor-top-column elementor-element elementor-element-b67a8c0\" data-id=\"b67a8c0\" data-element_type=\"column\" data-e-type=\"column\">\n\t\t\t<div class=\"elementor-widget-wrap elementor-element-populated\">\n\t\t\t\t\t\t<div class=\"elementor-element elementor-element-cbe8b93 elementor-widget elementor-widget-image\" data-id=\"cbe8b93\" data-element_type=\"widget\" data-e-type=\"widget\" data-widget_type=\"image.default\">\n\t\t\t\t<div class=\"elementor-widget-container\">\n\t\t\t\t\t\t\t\t\t\t\t\t\t\t\t<img fetchpriority=\"high\" decoding=\"async\" width=\"745\" height=\"470\" src=\"https:\/\/parcboscdental.com\/wp-content\/uploads\/2020\/08\/imagen-primera.jpg\" class=\"attachment-large size-large wp-image-3651\" alt=\"\" srcset=\"https:\/\/parcboscdental.com\/wp-content\/uploads\/2020\/08\/imagen-primera.jpg 745w, https:\/\/parcboscdental.com\/wp-content\/uploads\/2020\/08\/imagen-primera-300x189.jpg 300w\" sizes=\"(max-width: 745px) 100vw, 745px\" \/>\t\t\t\t\t\t\t\t\t\t\t\t\t\t\t<\/div>\n\t\t\t\t<\/div>\n\t\t\t\t\t<\/div>\n\t\t<\/div>\n\t\t\t\t\t<\/div>\n\t\t<\/section>\n\t\t\t\t<section class=\"elementor-section elementor-top-section elementor-element elementor-element-5f77791 elementor-section-boxed elementor-section-height-default elementor-section-height-default\" data-id=\"5f77791\" data-element_type=\"section\" data-e-type=\"section\" data-settings=\"{&quot;background_background&quot;:&quot;classic&quot;}\">\n\t\t\t\t\t\t<div class=\"elementor-container elementor-column-gap-default\">\n\t\t\t\t\t<div class=\"elementor-column elementor-col-50 elementor-top-column elementor-element elementor-element-19305fe\" data-id=\"19305fe\" data-element_type=\"column\" data-e-type=\"column\">\n\t\t\t<div class=\"elementor-widget-wrap elementor-element-populated\">\n\t\t\t\t\t\t<div class=\"elementor-element elementor-element-486c8c1 elementor-widget elementor-widget-image\" data-id=\"486c8c1\" data-element_type=\"widget\" data-e-type=\"widget\" data-widget_type=\"image.default\">\n\t\t\t\t<div class=\"elementor-widget-container\">\n\t\t\t\t\t\t\t\t\t\t\t\t\t\t\t<img decoding=\"async\" width=\"778\" height=\"303\" src=\"https:\/\/parcboscdental.com\/wp-content\/uploads\/2020\/08\/tratamiento-preventivo-1.jpg\" class=\"attachment-large size-large wp-image-3652\" alt=\"\" srcset=\"https:\/\/parcboscdental.com\/wp-content\/uploads\/2020\/08\/tratamiento-preventivo-1.jpg 778w, https:\/\/parcboscdental.com\/wp-content\/uploads\/2020\/08\/tratamiento-preventivo-1-300x117.jpg 300w, https:\/\/parcboscdental.com\/wp-content\/uploads\/2020\/08\/tratamiento-preventivo-1-768x299.jpg 768w\" sizes=\"(max-width: 778px) 100vw, 778px\" \/>\t\t\t\t\t\t\t\t\t\t\t\t\t\t\t<\/div>\n\t\t\t\t<\/div>\n\t\t\t\t\t<\/div>\n\t\t<\/div>\n\t\t\t\t<div class=\"elementor-column elementor-col-50 elementor-top-column elementor-element elementor-element-0428b6a\" data-id=\"0428b6a\" data-element_type=\"column\" data-e-type=\"column\">\n\t\t\t<div class=\"elementor-widget-wrap elementor-element-populated\">\n\t\t\t\t\t\t<div class=\"elementor-element elementor-element-ef3777b elementor-widget elementor-widget-heading\" data-id=\"ef3777b\" data-element_type=\"widget\" data-e-type=\"widget\" data-widget_type=\"heading.default\">\n\t\t\t\t<div class=\"elementor-widget-container\">\n\t\t\t\t\t<h3 class=\"elementor-heading-title elementor-size-default\">Tractament preventiu<\/h3>\t\t\t\t<\/div>\n\t\t\t\t<\/div>\n\t\t\t\t<div class=\"elementor-element elementor-element-3a751be elementor-widget elementor-widget-text-editor\" data-id=\"3a751be\" data-element_type=\"widget\" data-e-type=\"widget\" data-widget_type=\"text-editor.default\">\n\t\t\t\t<div class=\"elementor-widget-container\">\n\t\t\t\t\t\t\t\t\t<p>L&#8217;objectiu d&#8217;una l&#8217;ortod\u00f2ncia preventiva \u00e9s aconseguir una correcta salut oral mitjan\u00e7ant la prevenci\u00f3 d&#8217;anomalies en les posicions de les dents, \u00e9s a dir, ens anticipem als efectes adversos de factors de risc perqu\u00e8 no s&#8217;instauri la maloclusi\u00f3.<br \/>Per aix\u00f2 s\u00f3n fonamentals les visites peri\u00f2diques amb l&#8217;odontopediatra i l&#8217;ortodontista.<br \/>Les accions m\u00e9s habituals poden ser col\u00b7locaci\u00f3 de mantenidors d&#8217;espai, extracci\u00f3 de dents supernumeraris, correcci\u00f3 d&#8217;h\u00e0bits nocius, identificaci\u00f3 de disfuncions, remissi\u00f3 a altres especialitats quan es requereixi com logop\u00e8dia, otorrino, pediatre, ortop\u00e8dic, psic\u00f2leg, entre les m\u00e9s freq\u00fcents.<\/p>\n\t\t\t\t\t\t\t\t<\/div>\n\t\t\t\t<\/div>\n\t\t\t\t\t<\/div>\n\t\t<\/div>\n\t\t\t\t\t<\/div>\n\t\t<\/section>\n\t\t\t\t<section class=\"elementor-section elementor-top-section elementor-element elementor-element-c419570 elementor-section-boxed elementor-section-height-default elementor-section-height-default\" data-id=\"c419570\" data-element_type=\"section\" data-e-type=\"section\">\n\t\t\t\t\t\t<div class=\"elementor-container elementor-column-gap-default\">\n\t\t\t\t\t<div class=\"elementor-column elementor-col-50 elementor-top-column elementor-element elementor-element-892edc6\" data-id=\"892edc6\" data-element_type=\"column\" data-e-type=\"column\">\n\t\t\t<div class=\"elementor-widget-wrap elementor-element-populated\">\n\t\t\t\t\t\t<div class=\"elementor-element elementor-element-af05a9d elementor-widget elementor-widget-heading\" data-id=\"af05a9d\" data-element_type=\"widget\" data-e-type=\"widget\" data-widget_type=\"heading.default\">\n\t\t\t\t<div class=\"elementor-widget-container\">\n\t\t\t\t\t<h3 class=\"elementor-heading-title elementor-size-default\">Tractament interceptiu<\/h3>\t\t\t\t<\/div>\n\t\t\t\t<\/div>\n\t\t\t\t<div class=\"elementor-element elementor-element-ca78390 elementor-widget elementor-widget-text-editor\" data-id=\"ca78390\" data-element_type=\"widget\" data-e-type=\"widget\" data-widget_type=\"text-editor.default\">\n\t\t\t\t<div class=\"elementor-widget-container\">\n\t\t\t\t\t\t\t\t\t<p>Es tracta d&#8217;aparells que produeixen canvis esquel\u00e8tics en pacients en creixement, per tant, s&#8217;empren en nens. S\u00f3n aparells constru\u00efts en un laboratori de forma personalitzada.<\/p>\n<p>\u00c9s el tractament d&#8217;elecci\u00f3 per a pacients en creixement que presenten alteracions facials esquel\u00e8tiques: mand\u00edbules i maxil\u00b7lars grans o petits, paladars estrets, mossegades obertes per succi\u00f3 digital, entre d&#8217;altres, previ a la col\u00b7locaci\u00f3 de l&#8217;aparatologia d&#8217;ortod\u00f2ncia.<\/p>\n<p>Quins avantatges t\u00e9 aquest tractament?<\/p>\n<p>Amb aquest tractament podr\u00edem evitar que molts pacients haurien de sotmetre a tractaments quir\u00fargics o a extraccions dentals en edat adulta. S\u00f3n altament efica\u00e7os i, utilitzats en el pic de creixement puberal, extremadament eficients.<\/p>\n\t\t\t\t\t\t\t\t<\/div>\n\t\t\t\t<\/div>\n\t\t\t\t\t<\/div>\n\t\t<\/div>\n\t\t\t\t<div class=\"elementor-column elementor-col-50 elementor-top-column elementor-element elementor-element-4060ca0\" data-id=\"4060ca0\" data-element_type=\"column\" data-e-type=\"column\">\n\t\t\t<div class=\"elementor-widget-wrap elementor-element-populated\">\n\t\t\t\t\t\t<div class=\"elementor-element elementor-element-a463b05 elementor-widget elementor-widget-image\" data-id=\"a463b05\" data-element_type=\"widget\" data-e-type=\"widget\" data-widget_type=\"image.default\">\n\t\t\t\t<div class=\"elementor-widget-container\">\n\t\t\t\t\t\t\t\t\t\t\t\t\t\t\t<img decoding=\"async\" width=\"487\" height=\"311\" src=\"https:\/\/parcboscdental.com\/wp-content\/uploads\/2020\/08\/tratamiento-interceptivo-1.jpg\" class=\"attachment-large size-large wp-image-3653\" alt=\"\" srcset=\"https:\/\/parcboscdental.com\/wp-content\/uploads\/2020\/08\/tratamiento-interceptivo-1.jpg 487w, https:\/\/parcboscdental.com\/wp-content\/uploads\/2020\/08\/tratamiento-interceptivo-1-300x192.jpg 300w\" sizes=\"(max-width: 487px) 100vw, 487px\" \/>\t\t\t\t\t\t\t\t\t\t\t\t\t\t\t<\/div>\n\t\t\t\t<\/div>\n\t\t\t\t\t<\/div>\n\t\t<\/div>\n\t\t\t\t\t<\/div>\n\t\t<\/section>\n\t\t\t\t<section class=\"elementor-section elementor-top-section elementor-element elementor-element-04bfead elementor-section-boxed elementor-section-height-default elementor-section-height-default\" data-id=\"04bfead\" data-element_type=\"section\" data-e-type=\"section\" data-settings=\"{&quot;background_background&quot;:&quot;classic&quot;}\">\n\t\t\t\t\t\t<div class=\"elementor-container elementor-column-gap-default\">\n\t\t\t\t\t<div class=\"elementor-column elementor-col-100 elementor-top-column elementor-element elementor-element-ebd0cf3\" data-id=\"ebd0cf3\" data-element_type=\"column\" data-e-type=\"column\">\n\t\t\t<div class=\"elementor-widget-wrap elementor-element-populated\">\n\t\t\t\t\t\t<div class=\"elementor-element elementor-element-10c258d elementor-widget elementor-widget-heading\" data-id=\"10c258d\" data-element_type=\"widget\" data-e-type=\"widget\" data-widget_type=\"heading.default\">\n\t\t\t\t<div class=\"elementor-widget-container\">\n\t\t\t\t\t<h3 class=\"elementor-heading-title elementor-size-default\">Tractament Correctiu <\/h3>\t\t\t\t<\/div>\n\t\t\t\t<\/div>\n\t\t\t\t<div class=\"elementor-element elementor-element-01f0f5e elementor-widget elementor-widget-text-editor\" data-id=\"01f0f5e\" data-element_type=\"widget\" data-e-type=\"widget\" data-widget_type=\"text-editor.default\">\n\t\t\t\t<div class=\"elementor-widget-container\">\n\t\t\t\t\t\t\t\t\t<p>Quan el tractament interceptiu no s&#8217;ha realitzat, o el seu resultat no ha estat suficient per a la mateixa naturalesa de la maloclusi\u00f3, cal fer un tractament correctiu que comen\u00e7a quan la <strong>dentici\u00f3 definitiva s&#8217;ha completat.<\/strong><\/p>\n\t\t\t\t\t\t\t\t<\/div>\n\t\t\t\t<\/div>\n\t\t\t\t<section class=\"elementor-section elementor-inner-section elementor-element elementor-element-656331f elementor-section-boxed elementor-section-height-default elementor-section-height-default\" data-id=\"656331f\" data-element_type=\"section\" data-e-type=\"section\">\n\t\t\t\t\t\t<div class=\"elementor-container elementor-column-gap-default\">\n\t\t\t\t\t<div class=\"elementor-column elementor-col-50 elementor-inner-column elementor-element elementor-element-54207a9\" data-id=\"54207a9\" data-element_type=\"column\" data-e-type=\"column\">\n\t\t\t<div class=\"elementor-widget-wrap elementor-element-populated\">\n\t\t\t\t\t\t<div class=\"elementor-element elementor-element-2615ddb elementor-widget elementor-widget-heading\" data-id=\"2615ddb\" data-element_type=\"widget\" data-e-type=\"widget\" data-widget_type=\"heading.default\">\n\t\t\t\t<div class=\"elementor-widget-container\">\n\t\t\t\t\t<h4 class=\"elementor-heading-title elementor-size-default\">Brackets met\u00e0l\u00b7lics autolligats:<\/h4>\t\t\t\t<\/div>\n\t\t\t\t<\/div>\n\t\t\t\t<div class=\"elementor-element elementor-element-90a294f elementor-widget elementor-widget-text-editor\" data-id=\"90a294f\" data-element_type=\"widget\" data-e-type=\"widget\" data-widget_type=\"text-editor.default\">\n\t\t\t\t<div class=\"elementor-widget-container\">\n\t\t\t\t\t\t\t\t\t<p>Brackets de baixa fricci\u00f3 que, combinats amb arcs d&#8217;aliatges d&#8217;alta tecnologia, exerceixen forces lleugeres que permeten que el moviment dentari sigui m\u00e9s r\u00e0pid i confortable.<\/p>\n<p>En qu\u00e8 consisteixen els Sistemes autolligables?<\/p>\n<p>Els brackets met\u00e0l\u00b7lics autolligables de fricci\u00f3 m\u00ednima s\u00f3n un sistema innovador d&#8217;aparatologia ortod\u00f2ntica, altament tecnol\u00f2gic, elaborats d&#8217;acer inoxidable, que substitueix les antigues gomes o lligadures que subjectaven l&#8217;arc d&#8217;ortod\u00f2ncia per unes tapes o clips. D&#8217;aquesta manera, el filferro discorre al llarg de les ranures dels brackets lliurement, pr\u00e0cticament sense contacte, reduint significativament la fricci\u00f3 durant el moviment dental. S\u00f3n brackets fabricats tant en metall com en cer\u00e0mica amb unes caracter\u00edstiques mec\u00e0niques excepcionals.<\/p>\n<p>Quan es tria aquest tractament?<\/p>\n<p>Aquest tractament d&#8217;ortod\u00f2ncia \u00e9s altament efectiu, combinant efic\u00e0cia i efici\u00e8ncia. Especialment indicat per a pacients pr\u00e0ctics que sacrifiquen l&#8217;est\u00e8tica de l&#8217;aparatologia a canvi d&#8217;uns resultats excel\u00b7lents amb una considerable reducci\u00f3 en el nombre de vistes i el temps final de tractament. <\/p>\n<p>Avantatges d&#8217;aquest tractament?<\/p>\n<p>Deixant l&#8217;est\u00e8tica de banda, \u00e9s un dels tractaments m\u00e9s efectius de l&#8217;actualitat, aconseguint el millor resultat est\u00e8tic i funcional en el menor temps possible. A l&#8217;\u00e9sser fix, no es retiren fins a la finalitzaci\u00f3 del tractament de manera que &#8220;treballen&#8221; 24 hores del dia i trenquen r\u00e8cords pel que fa a la durada del tractament. <\/p>\n\t\t\t\t\t\t\t\t<\/div>\n\t\t\t\t<\/div>\n\t\t\t\t\t<\/div>\n\t\t<\/div>\n\t\t\t\t<div class=\"elementor-column elementor-col-50 elementor-inner-column elementor-element elementor-element-bc1da11\" data-id=\"bc1da11\" data-element_type=\"column\" data-e-type=\"column\">\n\t\t\t<div class=\"elementor-widget-wrap elementor-element-populated\">\n\t\t\t\t\t\t<div class=\"elementor-element elementor-element-6e171c8 elementor-widget elementor-widget-image\" data-id=\"6e171c8\" data-element_type=\"widget\" data-e-type=\"widget\" data-widget_type=\"image.default\">\n\t\t\t\t<div class=\"elementor-widget-container\">\n\t\t\t\t\t\t\t\t\t\t\t\t\t\t\t<img loading=\"lazy\" decoding=\"async\" width=\"540\" height=\"500\" src=\"https:\/\/parcboscdental.com\/wp-content\/uploads\/2020\/08\/bk-met-autoligado.png\" class=\"attachment-large size-large wp-image-3655\" alt=\"\" srcset=\"https:\/\/parcboscdental.com\/wp-content\/uploads\/2020\/08\/bk-met-autoligado.png 540w, https:\/\/parcboscdental.com\/wp-content\/uploads\/2020\/08\/bk-met-autoligado-300x278.png 300w\" sizes=\"(max-width: 540px) 100vw, 540px\" \/>\t\t\t\t\t\t\t\t\t\t\t\t\t\t\t<\/div>\n\t\t\t\t<\/div>\n\t\t\t\t\t<\/div>\n\t\t<\/div>\n\t\t\t\t\t<\/div>\n\t\t<\/section>\n\t\t\t\t<section class=\"elementor-section elementor-inner-section elementor-element elementor-element-82013d7 elementor-section-boxed elementor-section-height-default elementor-section-height-default\" data-id=\"82013d7\" data-element_type=\"section\" data-e-type=\"section\">\n\t\t\t\t\t\t<div class=\"elementor-container elementor-column-gap-default\">\n\t\t\t\t\t<div class=\"elementor-column elementor-col-50 elementor-inner-column elementor-element elementor-element-38068f5\" data-id=\"38068f5\" data-element_type=\"column\" data-e-type=\"column\">\n\t\t\t<div class=\"elementor-widget-wrap elementor-element-populated\">\n\t\t\t\t\t\t<div class=\"elementor-element elementor-element-2494141 elementor-widget elementor-widget-image\" data-id=\"2494141\" data-element_type=\"widget\" data-e-type=\"widget\" data-widget_type=\"image.default\">\n\t\t\t\t<div class=\"elementor-widget-container\">\n\t\t\t\t\t\t\t\t\t\t\t\t\t\t\t<img loading=\"lazy\" decoding=\"async\" width=\"540\" height=\"500\" src=\"https:\/\/parcboscdental.com\/wp-content\/uploads\/2020\/08\/bk-est-autoligado.png\" class=\"attachment-large size-large wp-image-3654\" alt=\"\" srcset=\"https:\/\/parcboscdental.com\/wp-content\/uploads\/2020\/08\/bk-est-autoligado.png 540w, https:\/\/parcboscdental.com\/wp-content\/uploads\/2020\/08\/bk-est-autoligado-300x278.png 300w\" sizes=\"(max-width: 540px) 100vw, 540px\" \/>\t\t\t\t\t\t\t\t\t\t\t\t\t\t\t<\/div>\n\t\t\t\t<\/div>\n\t\t\t\t\t<\/div>\n\t\t<\/div>\n\t\t\t\t<div class=\"elementor-column elementor-col-50 elementor-inner-column elementor-element elementor-element-1f20f66\" data-id=\"1f20f66\" data-element_type=\"column\" data-e-type=\"column\">\n\t\t\t<div class=\"elementor-widget-wrap elementor-element-populated\">\n\t\t\t\t\t\t<div class=\"elementor-element elementor-element-861d063 elementor-widget elementor-widget-heading\" data-id=\"861d063\" data-element_type=\"widget\" data-e-type=\"widget\" data-widget_type=\"heading.default\">\n\t\t\t\t<div class=\"elementor-widget-container\">\n\t\t\t\t\t<h4 class=\"elementor-heading-title elementor-size-default\">Brackets est\u00e8tics autolligat:<\/h4>\t\t\t\t<\/div>\n\t\t\t\t<\/div>\n\t\t\t\t<div class=\"elementor-element elementor-element-144ff91 elementor-widget elementor-widget-text-editor\" data-id=\"144ff91\" data-element_type=\"widget\" data-e-type=\"widget\" data-widget_type=\"text-editor.default\">\n\t\t\t\t<div class=\"elementor-widget-container\">\n\t\t\t\t\t\t\t\t\t<p>En qu\u00e8 consisteixen els brackets cer\u00e0mics o est\u00e8tics?<\/p>\n<p>Es tracta de brackets d&#8217;\u00faltima generaci\u00f3, fabricats en materials cer\u00e0mics i porcellanes monocristal\u00b7lines altament est\u00e8tics. Es col\u00b7loquen fonamentats en les cares vestibulars de les dents i pr\u00e0cticament es mimetitzen amb el color basal de la dent eliminant l&#8217;antiest\u00e8tica &#8220;somriure met\u00e0l\u00b7lica&#8221;. <\/p>\n<p>Quan es tria aquest tractament?<\/p>\n<p>Aquest \u00e9s el tractament d&#8217;elecci\u00f3 per a aquells pacients que vulguin reduir l&#8217;impacte visual de la aparatologia met\u00e0l\u00b7lica sense renunciar a l&#8217;alta efic\u00e0cia i efici\u00e8ncia dels <u>sistemes d&#8217;ortod\u00f2ncia autolligables<\/u> de baixa fricci\u00f3 i en la nostra cl\u00ednica a un preu m\u00e9s que raonable i assequible.<\/p>\n<p>Avantatges d&#8217;aquest tractament?<\/p>\n<p>Sistema est\u00e8tic alhora que eficient en els resultats. S\u00f3n aparatolog\u00edas fixes, de manera que no has de preocupar de treure ni posar funcionant les 24 hores del dia de manera que redueixen molt el temps de tractament i es distingeixen per ser discrets i c\u00f2modes. <\/p>\n\t\t\t\t\t\t\t\t<\/div>\n\t\t\t\t<\/div>\n\t\t\t\t\t<\/div>\n\t\t<\/div>\n\t\t\t\t\t<\/div>\n\t\t<\/section>\n\t\t\t\t<section class=\"elementor-section elementor-inner-section elementor-element elementor-element-b235d2c elementor-section-boxed elementor-section-height-default elementor-section-height-default\" data-id=\"b235d2c\" data-element_type=\"section\" data-e-type=\"section\">\n\t\t\t\t\t\t<div class=\"elementor-container elementor-column-gap-default\">\n\t\t\t\t\t<div class=\"elementor-column elementor-col-50 elementor-inner-column elementor-element elementor-element-172d8b1\" data-id=\"172d8b1\" data-element_type=\"column\" data-e-type=\"column\">\n\t\t\t<div class=\"elementor-widget-wrap elementor-element-populated\">\n\t\t\t\t\t\t<div class=\"elementor-element elementor-element-5e6c5fb elementor-widget elementor-widget-heading\" data-id=\"5e6c5fb\" data-element_type=\"widget\" data-e-type=\"widget\" data-widget_type=\"heading.default\">\n\t\t\t\t<div class=\"elementor-widget-container\">\n\t\t\t\t\t<h4 class=\"elementor-heading-title elementor-size-default\">Brackets safir:<\/h4>\t\t\t\t<\/div>\n\t\t\t\t<\/div>\n\t\t\t\t<div class=\"elementor-element elementor-element-416fa21 elementor-widget elementor-widget-text-editor\" data-id=\"416fa21\" data-element_type=\"widget\" data-e-type=\"widget\" data-widget_type=\"text-editor.default\">\n\t\t\t\t<div class=\"elementor-widget-container\">\n\t\t\t\t\t\t\t\t\t<p>En qu\u00e8 consisteixen els brackets de safir?<\/p>\n<p>Els <strong>brackets <\/strong>de safir monocristal\u00b7l\u00ed s\u00f3n actualment un dels sistemes d&#8217;ortod\u00f2ncia m\u00e9s est\u00e8tics, ja que s&#8217;obt\u00e9 una major translucidesa, proporcionant un color gaireb\u00e9 invisible similar al d&#8217;un vidre transparent que respecta la tonalitat de les dents proporcionant una est\u00e8tica excepcional.<\/p>\n<p>Quan es tria aquest tractament?<\/p>\n<p>Amb aquest tipus de brackets \u00e9s possible tractar qualsevol alteraci\u00f3 oclusal, la seva elecci\u00f3 dependr\u00e0 dels requeriments est\u00e8tics del pacient.<\/p>\n<p>Avantatges d&#8217;aquest tractament?<\/p>\n<p>El safir, sent el segon mineral m\u00e9s dur conegut, a vegades pot desgastar i danyar les dents, sent de vital import\u00e0ncia el control amb el teu ortodontista.<\/p>\n<p>Per tant, el principal avantatge d&#8217;aquests brackets ser\u00e0 l&#8217;est\u00e8tica i el seu principal desavantatge \u00e9s que es pot veure incrementat el temps de tractament.<\/p>\n\t\t\t\t\t\t\t\t<\/div>\n\t\t\t\t<\/div>\n\t\t\t\t\t<\/div>\n\t\t<\/div>\n\t\t\t\t<div class=\"elementor-column elementor-col-50 elementor-inner-column elementor-element elementor-element-0f570f1\" data-id=\"0f570f1\" data-element_type=\"column\" data-e-type=\"column\">\n\t\t\t<div class=\"elementor-widget-wrap elementor-element-populated\">\n\t\t\t\t\t\t<div class=\"elementor-element elementor-element-92e5045 elementor-widget elementor-widget-image\" data-id=\"92e5045\" data-element_type=\"widget\" data-e-type=\"widget\" data-widget_type=\"image.default\">\n\t\t\t\t<div class=\"elementor-widget-container\">\n\t\t\t\t\t\t\t\t\t\t\t\t\t\t\t<img loading=\"lazy\" decoding=\"async\" width=\"205\" height=\"200\" src=\"https:\/\/parcboscdental.com\/wp-content\/uploads\/2020\/08\/bk-zafiro.jpg\" class=\"attachment-large size-large wp-image-3656\" alt=\"\" \/>\t\t\t\t\t\t\t\t\t\t\t\t\t\t\t<\/div>\n\t\t\t\t<\/div>\n\t\t\t\t\t<\/div>\n\t\t<\/div>\n\t\t\t\t\t<\/div>\n\t\t<\/section>\n\t\t\t\t<section class=\"elementor-section elementor-inner-section elementor-element elementor-element-c210fe7 elementor-section-boxed elementor-section-height-default elementor-section-height-default\" data-id=\"c210fe7\" data-element_type=\"section\" data-e-type=\"section\">\n\t\t\t\t\t\t<div class=\"elementor-container elementor-column-gap-default\">\n\t\t\t\t\t<div class=\"elementor-column elementor-col-50 elementor-inner-column elementor-element elementor-element-10af9e5\" data-id=\"10af9e5\" data-element_type=\"column\" data-e-type=\"column\">\n\t\t\t<div class=\"elementor-widget-wrap elementor-element-populated\">\n\t\t\t\t\t\t<div class=\"elementor-element elementor-element-4eaea45 elementor-widget elementor-widget-image\" data-id=\"4eaea45\" data-element_type=\"widget\" data-e-type=\"widget\" data-widget_type=\"image.default\">\n\t\t\t\t<div class=\"elementor-widget-container\">\n\t\t\t\t\t\t\t\t\t\t\t\t\t\t\t<img loading=\"lazy\" decoding=\"async\" width=\"301\" height=\"167\" src=\"https:\/\/parcboscdental.com\/wp-content\/uploads\/2020\/08\/alineador-transparente.jpg\" class=\"attachment-large size-large wp-image-3665\" alt=\"\" \/>\t\t\t\t\t\t\t\t\t\t\t\t\t\t\t<\/div>\n\t\t\t\t<\/div>\n\t\t\t\t\t<\/div>\n\t\t<\/div>\n\t\t\t\t<div class=\"elementor-column elementor-col-50 elementor-inner-column elementor-element elementor-element-0b0a5e5\" data-id=\"0b0a5e5\" data-element_type=\"column\" data-e-type=\"column\">\n\t\t\t<div class=\"elementor-widget-wrap elementor-element-populated\">\n\t\t\t\t\t\t<div class=\"elementor-element elementor-element-4d34830 elementor-widget elementor-widget-heading\" data-id=\"4d34830\" data-element_type=\"widget\" data-e-type=\"widget\" data-widget_type=\"heading.default\">\n\t\t\t\t<div class=\"elementor-widget-container\">\n\t\t\t\t\t<h4 class=\"elementor-heading-title elementor-size-default\">Alineadors transparents<\/h4>\t\t\t\t<\/div>\n\t\t\t\t<\/div>\n\t\t\t\t<div class=\"elementor-element elementor-element-729a8e6 elementor-widget elementor-widget-text-editor\" data-id=\"729a8e6\" data-element_type=\"widget\" data-e-type=\"widget\" data-widget_type=\"text-editor.default\">\n\t\t\t\t<div class=\"elementor-widget-container\">\n\t\t\t\t\t\t\t\t\t<p>El tractament amb alineadors consisteix en una s\u00e8rie d&#8217;alineadors o f\u00e8rules pr\u00e0cticament invisibles que es canvien setmanalment. A la nostra cl\u00ednica es treballa amb el sistema <g id=\"gid_0\">Invisalign.<\/g> Aquests alineadors t\u00e9 incorporats una informaci\u00f3 que transmeten a les dents de forma seq\u00fcencial per procedir a la seva alineaci\u00f3.   <\/p>\n<p>Quan triar aquest tractament?<\/p>\n<p>Aquest tractament d&#8217;ortod\u00f2ncia est\u00e0 especialment indicat per a pacients que desitgen corregir el seu somriure de manera est\u00e8tica i confortable conjugant efic\u00e0cia i efici\u00e8ncia.<br \/>Indicat per a la resoluci\u00f3 de casos simples i complexos on el pacient busca confort i est\u00e8tica.<\/p>\n<p>Avantatges d&#8217;aquest tractament?<\/p>\n<p>\u00c9s realment un tractament c\u00f2mode. El pacient pot retirar a voluntat pel que es poden retirar per realitzar els \u00e0pats i mantenir adequades mesures d&#8217;higiene oral. \u00c9s un tractament altament est\u00e8tic, que no compromet l&#8217;efic\u00e0cia d&#8217;uns excel\u00b7lents resultats.  <\/p>\n<p>Podrem visualitzar el resultat del tractament amb una simulaci\u00f3 3D de la teva boca, encara que no hagis comen\u00e7at el tractament, pel que podr\u00e0s apreciar en una simulaci\u00f3 com quedar\u00e0 el teu somriure a la fi.<\/p>\n\t\t\t\t\t\t\t\t<\/div>\n\t\t\t\t<\/div>\n\t\t\t\t\t<\/div>\n\t\t<\/div>\n\t\t\t\t\t<\/div>\n\t\t<\/section>\n\t\t\t\t<section class=\"elementor-section elementor-inner-section elementor-element elementor-element-43227e2 elementor-section-boxed elementor-section-height-default elementor-section-height-default\" data-id=\"43227e2\" data-element_type=\"section\" data-e-type=\"section\">\n\t\t\t\t\t\t<div class=\"elementor-container elementor-column-gap-default\">\n\t\t\t\t\t<div class=\"elementor-column elementor-col-50 elementor-inner-column elementor-element elementor-element-c330e9b\" data-id=\"c330e9b\" data-element_type=\"column\" data-e-type=\"column\">\n\t\t\t<div class=\"elementor-widget-wrap elementor-element-populated\">\n\t\t\t\t\t\t<div class=\"elementor-element elementor-element-189d244 elementor-widget elementor-widget-heading\" data-id=\"189d244\" data-element_type=\"widget\" data-e-type=\"widget\" data-widget_type=\"heading.default\">\n\t\t\t\t<div class=\"elementor-widget-container\">\n\t\t\t\t\t<h4 class=\"elementor-heading-title elementor-size-default\">Brackets linguals:<\/h4>\t\t\t\t<\/div>\n\t\t\t\t<\/div>\n\t\t\t\t<div class=\"elementor-element elementor-element-9e51948 elementor-widget elementor-widget-text-editor\" data-id=\"9e51948\" data-element_type=\"widget\" data-e-type=\"widget\" data-widget_type=\"text-editor.default\">\n\t\t\t\t<div class=\"elementor-widget-container\">\n\t\t\t\t\t\t\t\t\t<p>Sistema mitjan\u00e7ant brackets que es col\u00b7loquen a la cara interna de les dents, \u00e9s ideal per a aquells pacients que exigeixen excel\u00b7l\u00e8ncia en el resultat final sense comprometre la seva est\u00e8tica.<\/p>\n<p>A la nostra consulta servir el <strong>Sistema Inc\u00f3gnito<sup>TM<\/sup><\/strong>. Aquest sistema fa servir brackets personalitzats, \u00e9s a dir, fabricats individualment i a mida per a cada pacient, s\u00f3n totalment &#8220;customitzats&#8221; i no hi ha dos jocs de brackets iguals. Per a aix\u00f2 els registres de la teva boca s&#8217;envien a Alemanya on es procedeix a la seva elaboraci\u00f3, trigant aproximadament una setmana per a la seva col\u00b7locaci\u00f3.  <\/p>\n<p>Quan es tria aquest tractament?<\/p>\n<p>Aquest tractament d&#8217;ortod\u00f2ncia est\u00e0 especialment indicat per a pacients amb una alta demanda est\u00e8tica que prefereixen sacrificar el confort per la completa invisibilitat de la seva aparatologia. \u00c9s un sistema altament efica\u00e7, capa\u00e7 de realitzar moviments dentals complexos, per\u00f2 sacrificant el confort del pacient. <\/p>\n<p>Avantatges d&#8217;aquest tractament?<\/p>\n<p>L&#8217;ortod\u00f2ncia lingual Inc\u00f2gnit \u00e9s la t\u00e8cnica m\u00e9s est\u00e8tica del mercat, resultant pr\u00e0cticament invisible. El seu fonamentat en les cares linguals de les dents pot dificultar la higiene i la fonaci\u00f3 durant les primeres fases de tractament, encara que tots els pacients s&#8217;acaben adaptant mostrant un 100% de satisfacci\u00f3 amb el resultat final. <\/p>\n\t\t\t\t\t\t\t\t<\/div>\n\t\t\t\t<\/div>\n\t\t\t\t\t<\/div>\n\t\t<\/div>\n\t\t\t\t<div class=\"elementor-column elementor-col-50 elementor-inner-column elementor-element elementor-element-e0802d8\" data-id=\"e0802d8\" data-element_type=\"column\" data-e-type=\"column\">\n\t\t\t<div class=\"elementor-widget-wrap elementor-element-populated\">\n\t\t\t\t\t\t<div class=\"elementor-element elementor-element-f8bfbab elementor-widget elementor-widget-image\" data-id=\"f8bfbab\" data-element_type=\"widget\" data-e-type=\"widget\" data-widget_type=\"image.default\">\n\t\t\t\t<div class=\"elementor-widget-container\">\n\t\t\t\t\t\t\t\t\t\t\t\t\t\t\t<img loading=\"lazy\" decoding=\"async\" width=\"270\" height=\"187\" src=\"https:\/\/parcboscdental.com\/wp-content\/uploads\/2020\/08\/bk-linguales.jpg\" class=\"attachment-large size-large wp-image-3666\" alt=\"\" \/>\t\t\t\t\t\t\t\t\t\t\t\t\t\t\t<\/div>\n\t\t\t\t<\/div>\n\t\t\t\t\t<\/div>\n\t\t<\/div>\n\t\t\t\t\t<\/div>\n\t\t<\/section>\n\t\t\t\t\t<\/div>\n\t\t<\/div>\n\t\t\t\t\t<\/div>\n\t\t<\/section>\n\t\t\t\t<section class=\"elementor-section elementor-top-section elementor-element elementor-element-e81129d elementor-section-boxed elementor-section-height-default elementor-section-height-default\" data-id=\"e81129d\" data-element_type=\"section\" data-e-type=\"section\">\n\t\t\t\t\t\t<div class=\"elementor-container elementor-column-gap-default\">\n\t\t\t\t\t<div class=\"elementor-column elementor-col-100 elementor-top-column elementor-element elementor-element-1ee58a6\" data-id=\"1ee58a6\" data-element_type=\"column\" data-e-type=\"column\">\n\t\t\t<div class=\"elementor-widget-wrap elementor-element-populated\">\n\t\t\t\t\t\t<div class=\"elementor-element elementor-element-204e2da elementor-widget elementor-widget-heading\" data-id=\"204e2da\" data-element_type=\"widget\" data-e-type=\"widget\" data-widget_type=\"heading.default\">\n\t\t\t\t<div class=\"elementor-widget-container\">\n\t\t\t\t\t<h3 class=\"elementor-heading-title elementor-size-default\">Preguntes freq\u00fcents<\/h3>\t\t\t\t<\/div>\n\t\t\t\t<\/div>\n\t\t\t\t<section class=\"elementor-section elementor-inner-section elementor-element elementor-element-d36989d elementor-section-boxed elementor-section-height-default elementor-section-height-default\" data-id=\"d36989d\" data-element_type=\"section\" data-e-type=\"section\">\n\t\t\t\t\t\t<div class=\"elementor-container elementor-column-gap-default\">\n\t\t\t\t\t<div class=\"elementor-column elementor-col-100 elementor-inner-column elementor-element elementor-element-adbfdcb\" data-id=\"adbfdcb\" data-element_type=\"column\" data-e-type=\"column\">\n\t\t\t<div class=\"elementor-widget-wrap elementor-element-populated\">\n\t\t\t\t\t\t<div class=\"elementor-element elementor-element-6ea5282 elementor-widget elementor-widget-accordion\" data-id=\"6ea5282\" data-element_type=\"widget\" data-e-type=\"widget\" data-widget_type=\"accordion.default\">\n\t\t\t\t<div class=\"elementor-widget-container\">\n\t\t\t\t\t\t\t<div class=\"elementor-accordion\">\n\t\t\t\t\t\t\t<div class=\"elementor-accordion-item\">\n\t\t\t\t\t<div id=\"elementor-tab-title-1161\" class=\"elementor-tab-title\" data-tab=\"1\" role=\"button\" aria-controls=\"elementor-tab-content-1161\" aria-expanded=\"false\">\n\t\t\t\t\t\t\t\t\t\t\t\t\t<span class=\"elementor-accordion-icon elementor-accordion-icon-left\" aria-hidden=\"true\">\n\t\t\t\t\t\t\t\t\t\t\t\t\t\t\t<span class=\"elementor-accordion-icon-closed\"><i class=\"fas fa-plus\"><\/i><\/span>\n\t\t\t\t\t\t\t\t<span class=\"elementor-accordion-icon-opened\"><i class=\"fas fa-minus\"><\/i><\/span>\n\t\t\t\t\t\t\t\t\t\t\t\t\t\t<\/span>\n\t\t\t\t\t\t\t\t\t\t\t\t<a class=\"elementor-accordion-title\" tabindex=\"0\">Quina \u00e9s l'edat ideal per comen\u00e7ar un tractament d'ortod\u00f2ncia?<\/a>\n\t\t\t\t\t<\/div>\n\t\t\t\t\t<div id=\"elementor-tab-content-1161\" class=\"elementor-tab-content elementor-clearfix\" data-tab=\"1\" role=\"region\" aria-labelledby=\"elementor-tab-title-1161\"><p>L&#8217;edat adequada per tractar les maloclusions varia segons el tipus de problema i la seva gravetat. Per aix\u00f2, \u00e9s aconsellable que acudeixis a la nostra consulta tan aviat sospites alguna alteraci\u00f3. <\/p>\n<p>Encara que aquest tipus de<strong> <\/strong>tractaments s&#8217;associa a nens i adolescents, no \u00e9s exclusiu per a ells. L&#8217;ortod\u00f2ncia en adults tractats amb \u00e8xit \u00e9s cada vegada m\u00e9s com\u00fa. <\/p>\n<p>La difer\u00e8ncia radica que l&#8217;ortod\u00f2ncia en nens \u00e9s interceptiva o correctiva, sent els seus principals objectius la correcta erupci\u00f3 de les dents, la correcci\u00f3 de les estructures \u00f2ssies i la col\u00b7locaci\u00f3 de les dents definitives.<\/p>\n<p>En adults, es treballa sobre dents definitives, sol prevaler m\u00e9s l&#8217;est\u00e8tica i es porta a terme en col\u00b7laboraci\u00f3 amb l&#8217;odont\u00f2leg general, el periodontista i l&#8217;implant\u00f2leg.<\/p>\n<\/div>\n\t\t\t\t<\/div>\n\t\t\t\t\t\t\t<div class=\"elementor-accordion-item\">\n\t\t\t\t\t<div id=\"elementor-tab-title-1162\" class=\"elementor-tab-title\" data-tab=\"2\" role=\"button\" aria-controls=\"elementor-tab-content-1162\" aria-expanded=\"false\">\n\t\t\t\t\t\t\t\t\t\t\t\t\t<span class=\"elementor-accordion-icon elementor-accordion-icon-left\" aria-hidden=\"true\">\n\t\t\t\t\t\t\t\t\t\t\t\t\t\t\t<span class=\"elementor-accordion-icon-closed\"><i class=\"fas fa-plus\"><\/i><\/span>\n\t\t\t\t\t\t\t\t<span class=\"elementor-accordion-icon-opened\"><i class=\"fas fa-minus\"><\/i><\/span>\n\t\t\t\t\t\t\t\t\t\t\t\t\t\t<\/span>\n\t\t\t\t\t\t\t\t\t\t\t\t<a class=\"elementor-accordion-title\" tabindex=\"0\">Quant dura un tractament d'ortod\u00f2ncia?<\/a>\n\t\t\t\t\t<\/div>\n\t\t\t\t\t<div id=\"elementor-tab-content-1162\" class=\"elementor-tab-content elementor-clearfix\" data-tab=\"2\" role=\"region\" aria-labelledby=\"elementor-tab-title-1162\"><p>Dep\u00e8n del tractament de cada persona, per\u00f2 habitualment un tractament d&#8217;ortod\u00f2ncia dura d&#8217;un a dos anys (el temps \u00e9s orientatiu). Amb les noves t\u00e8cniques d&#8217;ortod\u00f2ncia amb les que treballem en CEMID Parc Bosc vam aconseguir reduir aquests temps considerablement perqu\u00e8 resulti m\u00e9s c\u00f2mode al pacient. <\/p>\n<\/div>\n\t\t\t\t<\/div>\n\t\t\t\t\t\t\t<div class=\"elementor-accordion-item\">\n\t\t\t\t\t<div id=\"elementor-tab-title-1163\" class=\"elementor-tab-title\" data-tab=\"3\" role=\"button\" aria-controls=\"elementor-tab-content-1163\" aria-expanded=\"false\">\n\t\t\t\t\t\t\t\t\t\t\t\t\t<span class=\"elementor-accordion-icon elementor-accordion-icon-left\" aria-hidden=\"true\">\n\t\t\t\t\t\t\t\t\t\t\t\t\t\t\t<span class=\"elementor-accordion-icon-closed\"><i class=\"fas fa-plus\"><\/i><\/span>\n\t\t\t\t\t\t\t\t<span class=\"elementor-accordion-icon-opened\"><i class=\"fas fa-minus\"><\/i><\/span>\n\t\t\t\t\t\t\t\t\t\t\t\t\t\t<\/span>\n\t\t\t\t\t\t\t\t\t\t\t\t<a class=\"elementor-accordion-title\" tabindex=\"0\">Amb quina freq\u00fc\u00e8ncia s'han de realitzar les revisions d'ortod\u00f2ncia?<\/a>\n\t\t\t\t\t<\/div>\n\t\t\t\t\t<div id=\"elementor-tab-content-1163\" class=\"elementor-tab-content elementor-clearfix\" data-tab=\"3\" role=\"region\" aria-labelledby=\"elementor-tab-title-1163\"><p>Es recomana fer revisions mensualment, tot i que aquest temps no \u00e9s exacte, l&#8217;ha d&#8217;avaluar l&#8217;ortodoncista, ja que \u00e9s qui ha d&#8217;activar els <strong>aparells<\/strong> per veure la for\u00e7a que van exercint en les <strong>dents<\/strong> i avaluar com evoluciona el tractament.<\/p>\n<p>Amb l&#8217;\u00fas de les noves tecnologies les revisions poden allargar fins a 6 i 8 setmanes depenent de la t\u00e8cnica de tractament emprada i de el cas en concret.<\/p>\n<\/div>\n\t\t\t\t<\/div>\n\t\t\t\t\t\t\t<div class=\"elementor-accordion-item\">\n\t\t\t\t\t<div id=\"elementor-tab-title-1164\" class=\"elementor-tab-title\" data-tab=\"4\" role=\"button\" aria-controls=\"elementor-tab-content-1164\" aria-expanded=\"false\">\n\t\t\t\t\t\t\t\t\t\t\t\t\t<span class=\"elementor-accordion-icon elementor-accordion-icon-left\" aria-hidden=\"true\">\n\t\t\t\t\t\t\t\t\t\t\t\t\t\t\t<span class=\"elementor-accordion-icon-closed\"><i class=\"fas fa-plus\"><\/i><\/span>\n\t\t\t\t\t\t\t\t<span class=\"elementor-accordion-icon-opened\"><i class=\"fas fa-minus\"><\/i><\/span>\n\t\t\t\t\t\t\t\t\t\t\t\t\t\t<\/span>\n\t\t\t\t\t\t\t\t\t\t\t\t<a class=\"elementor-accordion-title\" tabindex=\"0\">Cal seguir algun tipus de dieta especial durant el tractament?<\/a>\n\t\t\t\t\t<\/div>\n\t\t\t\t\t<div id=\"elementor-tab-content-1164\" class=\"elementor-tab-content elementor-clearfix\" data-tab=\"4\" role=\"region\" aria-labelledby=\"elementor-tab-title-1164\"><p>No hi ha dieta estricta. Es t&#8217;aconsellar\u00e0 no menjar certs aliments molt durs, enganxosos, gomosos o massa dol\u00e7os. Menjar aquest tipus d&#8217;aliments comporten a un major risc de trencament o p\u00e8rdua de l&#8217;aparell i conseq\u00fcentment allargar el tractament. Menjar caramels i aliments molt ensucrats augmenta el risc de c\u00e0ries.   <\/p>\n<\/div>\n\t\t\t\t<\/div>\n\t\t\t\t\t\t\t<div class=\"elementor-accordion-item\">\n\t\t\t\t\t<div id=\"elementor-tab-title-1165\" class=\"elementor-tab-title\" data-tab=\"5\" role=\"button\" aria-controls=\"elementor-tab-content-1165\" aria-expanded=\"false\">\n\t\t\t\t\t\t\t\t\t\t\t\t\t<span class=\"elementor-accordion-icon elementor-accordion-icon-left\" aria-hidden=\"true\">\n\t\t\t\t\t\t\t\t\t\t\t\t\t\t\t<span class=\"elementor-accordion-icon-closed\"><i class=\"fas fa-plus\"><\/i><\/span>\n\t\t\t\t\t\t\t\t<span class=\"elementor-accordion-icon-opened\"><i class=\"fas fa-minus\"><\/i><\/span>\n\t\t\t\t\t\t\t\t\t\t\t\t\t\t<\/span>\n\t\t\t\t\t\t\t\t\t\t\t\t<a class=\"elementor-accordion-title\" tabindex=\"0\">Perjudiquen els aparells les dents o genives?<\/a>\n\t\t\t\t\t<\/div>\n\t\t\t\t\t<div id=\"elementor-tab-content-1165\" class=\"elementor-tab-content elementor-clearfix\" data-tab=\"5\" role=\"region\" aria-labelledby=\"elementor-tab-title-1165\"><p>Durant el tractament alguns aparells afavoreixen la retenci\u00f3 d&#8217;aliments, per\u00f2 seguint senzilles instruccions d&#8217;higiene s&#8217;eviten taques a les dents, descalcificacions, l&#8217;aparici\u00f3 de c\u00e0ries i inflamacions a les genives.<\/p>\n<\/div>\n\t\t\t\t<\/div>\n\t\t\t\t\t\t\t<div class=\"elementor-accordion-item\">\n\t\t\t\t\t<div id=\"elementor-tab-title-1166\" class=\"elementor-tab-title\" data-tab=\"6\" role=\"button\" aria-controls=\"elementor-tab-content-1166\" aria-expanded=\"false\">\n\t\t\t\t\t\t\t\t\t\t\t\t\t<span class=\"elementor-accordion-icon elementor-accordion-icon-left\" aria-hidden=\"true\">\n\t\t\t\t\t\t\t\t\t\t\t\t\t\t\t<span class=\"elementor-accordion-icon-closed\"><i class=\"fas fa-plus\"><\/i><\/span>\n\t\t\t\t\t\t\t\t<span class=\"elementor-accordion-icon-opened\"><i class=\"fas fa-minus\"><\/i><\/span>\n\t\t\t\t\t\t\t\t\t\t\t\t\t\t<\/span>\n\t\t\t\t\t\t\t\t\t\t\t\t<a class=\"elementor-accordion-title\" tabindex=\"0\">\u00c9s dolor\u00f3s el tractament d'ortod\u00f2ncia?<\/a>\n\t\t\t\t\t<\/div>\n\t\t\t\t\t<div id=\"elementor-tab-content-1166\" class=\"elementor-tab-content elementor-clearfix\" data-tab=\"6\" role=\"region\" aria-labelledby=\"elementor-tab-title-1166\"><p>En termes generals el tractament \u00e9s totalment indolor. Durant els primers dies es pot produir alguna mol\u00e8stia que desapareix al cap de pocs dies. En qualsevol cas, el pacient ha de consultar a l&#8217;ortodoncista si les mol\u00e8sties persisteixen o s\u00f3n excessives.  <\/p>\n<\/div>\n\t\t\t\t<\/div>\n\t\t\t\t\t\t\t<div class=\"elementor-accordion-item\">\n\t\t\t\t\t<div id=\"elementor-tab-title-1167\" class=\"elementor-tab-title\" data-tab=\"7\" role=\"button\" aria-controls=\"elementor-tab-content-1167\" aria-expanded=\"false\">\n\t\t\t\t\t\t\t\t\t\t\t\t\t<span class=\"elementor-accordion-icon elementor-accordion-icon-left\" aria-hidden=\"true\">\n\t\t\t\t\t\t\t\t\t\t\t\t\t\t\t<span class=\"elementor-accordion-icon-closed\"><i class=\"fas fa-plus\"><\/i><\/span>\n\t\t\t\t\t\t\t\t<span class=\"elementor-accordion-icon-opened\"><i class=\"fas fa-minus\"><\/i><\/span>\n\t\t\t\t\t\t\t\t\t\t\t\t\t\t<\/span>\n\t\t\t\t\t\t\t\t\t\t\t\t<a class=\"elementor-accordion-title\" tabindex=\"0\">Es pot garantir l'\u00e8xit del tractament?<\/a>\n\t\t\t\t\t<\/div>\n\t\t\t\t\t<div id=\"elementor-tab-content-1167\" class=\"elementor-tab-content elementor-clearfix\" data-tab=\"7\" role=\"region\" aria-labelledby=\"elementor-tab-title-1167\"><p>Partint d&#8217;un diagn\u00f2stic i tractament adequats, es pot fer un pron\u00f2stic raonable dels resultats del tractament. Tot i que no sempre obtenim somriures perfectes sempre les millorem, l&#8217;important \u00e9s que el pacient s\u00e0piga des del principi qu\u00e8 podem aconseguir. <\/p>\n<\/div>\n\t\t\t\t<\/div>\n\t\t\t\t\t\t\t<div class=\"elementor-accordion-item\">\n\t\t\t\t\t<div id=\"elementor-tab-title-1168\" class=\"elementor-tab-title\" data-tab=\"8\" role=\"button\" aria-controls=\"elementor-tab-content-1168\" aria-expanded=\"false\">\n\t\t\t\t\t\t\t\t\t\t\t\t\t<span class=\"elementor-accordion-icon elementor-accordion-icon-left\" aria-hidden=\"true\">\n\t\t\t\t\t\t\t\t\t\t\t\t\t\t\t<span class=\"elementor-accordion-icon-closed\"><i class=\"fas fa-plus\"><\/i><\/span>\n\t\t\t\t\t\t\t\t<span class=\"elementor-accordion-icon-opened\"><i class=\"fas fa-minus\"><\/i><\/span>\n\t\t\t\t\t\t\t\t\t\t\t\t\t\t<\/span>\n\t\t\t\t\t\t\t\t\t\t\t\t<a class=\"elementor-accordion-title\" tabindex=\"0\">Quant dura la fase de retenci\u00f3 o manteniment?<\/a>\n\t\t\t\t\t<\/div>\n\t\t\t\t\t<div id=\"elementor-tab-content-1168\" class=\"elementor-tab-content elementor-clearfix\" data-tab=\"8\" role=\"region\" aria-labelledby=\"elementor-tab-title-1168\"><p>Les dents que han estat sotmesos a moviments ortod\u00f2ntics tenen tend\u00e8ncia a tornar a la seva posici\u00f3 original a l&#8217;almenys durant dos anys despr\u00e9s d&#8217;acabar el tractament. Per aquesta ra\u00f3 la durada de la fase de retenci\u00f3 ha de ser d&#8217;almenys dos anys. Transcorregut aquest temps podem intuir que les dents no es mouran en direcci\u00f3 a la seva posici\u00f3 original, per\u00f2 si ho poden fer en qualsevol altra. Aquests moviments s\u00f3n conseq\u00fc\u00e8ncia dels mateixos ajustos de sistema masticatori i de l'&#8221;envelliment&#8221; d&#8217;aquesta. S\u00f3n moviments que es produeixen de manera normal, tant en pacients ortod\u00f2ntics com en persones que no van ser tractades. Aix\u00f2 es comprova en observar que l&#8217;alineament perfecte i natural durant tota la vida de la dentici\u00f3 \u00e9s un fet molt poc freq\u00fcent.     <br \/>Podem dir que despr\u00e9s dels dos anys de retenci\u00f3 dels pacients ortod\u00f2ntics en res es diferencien de la poblaci\u00f3 general i per tant estan exposats a qu\u00e8 se&#8217;ls moguin les dents de la mateixa manera.<br \/>Si volem mantenir aquest alineament perfecte, hem de fer-ho de manera artificial, col\u00b7locant els aparells de retenci\u00f3 dues o tres vegades per setmana durant un temps il\u00b7limitat i acudint a revisi\u00f3 un cop a l&#8217;any. Tamb\u00e9 podem abandonar els retenidors, assumir que aquests moviments es produiran i que si volem tenir les dents perfectes, haurem de realitzar un petit tractament d&#8217;alineament passats uns anys. <br \/>El cas m\u00e9s semblant \u00e9s el de les operacions de cirurgia est\u00e8tica per eliminar les arrugues de la cara. Encara que et deixen la cara perfecta l&#8217;envelliment segueix actuant implacable i passats uns anys hem de tornar pel quir\u00f2fan. Per a aquests casos no hi ha aparells de retenci\u00f3.  <\/p>\n<\/div>\n\t\t\t\t<\/div>\n\t\t\t\t\t\t\t\t<\/div>\n\t\t\t\t\t\t<\/div>\n\t\t\t\t<\/div>\n\t\t\t\t\t<\/div>\n\t\t<\/div>\n\t\t\t\t\t<\/div>\n\t\t<\/section>\n\t\t\t\t\t<\/div>\n\t\t<\/div>\n\t\t\t\t\t<\/div>\n\t\t<\/section>\n\t\t\t\t<\/div>\n\t\t","protected":false},"excerpt":{"rendered":"<p>Ortod\u00f2ncia L&#8217;ortod\u00f2ncia \u00e9s una especialitat de l&#8217;odontologia que estudia, preveu i corregeix les alteracions del desenvolupament, les formes de les arcades dent\u00e0ries i la posici\u00f3 dels maxil\u00b7lars, amb l&#8217;objectiu de restablir l&#8217;equilibri tant en forma com en funci\u00f3 de la boca i de la cara, millorant tamb\u00e9 l&#8217;est\u00e8tica facial. Tractament preventiu L&#8217;objectiu d&#8217;una l&#8217;ortod\u00f2ncia preventiva &#8230; <a title=\"Ortod\u00f2ncia\" class=\"read-more\" href=\"https:\/\/parcboscdental.com\/ca\/especialitats\/ortodoncia\/\" aria-label=\"M\u00e9s informaci\u00f3 sobre Ortod\u00f2ncia\">Read more<\/a><\/p>\n","protected":false},"author":1,"featured_media":0,"parent":3785,"menu_order":0,"comment_status":"closed","ping_status":"closed","template":"","meta":{"footnotes":""},"class_list":["post-3807","page","type-page","status-publish"],"yoast_head":"<!-- This site is optimized with the Yoast SEO plugin v27.5 - https:\/\/yoast.com\/product\/yoast-seo-wordpress\/ -->\n<title>Ortod\u00f2ncia a Figueres | Parc Bosc Dental<\/title>\n<meta name=\"description\" content=\"L&#039;ortod\u00f2ncia \u00e9s una especialitat de l&#039;odontologia que estudia, preveu i corregeix les alteracions del desenvolupament.\" \/>\n<meta name=\"robots\" content=\"index, follow, max-snippet:-1, max-image-preview:large, max-video-preview:-1\" \/>\n<link rel=\"canonical\" href=\"https:\/\/parcboscdental.com\/especialidades\/ortodoncia\/\" \/>\n<meta property=\"og:locale\" content=\"ca_ES\" \/>\n<meta property=\"og:type\" content=\"article\" \/>\n<meta property=\"og:title\" content=\"Ortod\u00f2ncia a Figueres | Parc Bosc Dental\" \/>\n<meta property=\"og:description\" content=\"L&#039;ortod\u00f2ncia \u00e9s una especialitat de l&#039;odontologia que estudia, preveu i corregeix les alteracions del desenvolupament.\" \/>\n<meta property=\"og:url\" content=\"https:\/\/parcboscdental.com\/especialidades\/ortodoncia\/\" \/>\n<meta property=\"og:site_name\" content=\"Parc Bosc Dental\" \/>\n<meta property=\"article:modified_time\" content=\"2021-01-18T14:11:42+00:00\" \/>\n<meta property=\"og:image\" content=\"https:\/\/parcboscdental.com\/wp-content\/uploads\/2020\/08\/imagen-primera.jpg\" \/>\n<meta name=\"twitter:card\" content=\"summary_large_image\" \/>\n<meta name=\"twitter:label1\" content=\"Temps estimat de lectura\" \/>\n\t<meta name=\"twitter:data1\" content=\"10 minuts\" \/>\n<script type=\"application\/ld+json\" class=\"yoast-schema-graph\">{\"@context\":\"https:\\\/\\\/schema.org\",\"@graph\":[{\"@type\":\"WebPage\",\"@id\":\"https:\\\/\\\/parcboscdental.com\\\/especialidades\\\/ortodoncia\\\/\",\"url\":\"https:\\\/\\\/parcboscdental.com\\\/especialidades\\\/ortodoncia\\\/\",\"name\":\"Ortod\u00f2ncia a Figueres | Parc Bosc Dental\",\"isPartOf\":{\"@id\":\"https:\\\/\\\/parcboscdental.com\\\/#website\"},\"primaryImageOfPage\":{\"@id\":\"https:\\\/\\\/parcboscdental.com\\\/especialidades\\\/ortodoncia\\\/#primaryimage\"},\"image\":{\"@id\":\"https:\\\/\\\/parcboscdental.com\\\/especialidades\\\/ortodoncia\\\/#primaryimage\"},\"thumbnailUrl\":\"https:\\\/\\\/parcboscdental.com\\\/wp-content\\\/uploads\\\/2020\\\/08\\\/imagen-primera.jpg\",\"datePublished\":\"2020-09-28T09:36:28+00:00\",\"dateModified\":\"2021-01-18T14:11:42+00:00\",\"description\":\"L'ortod\u00f2ncia \u00e9s una especialitat de l'odontologia que estudia, preveu i corregeix les alteracions del desenvolupament.\",\"breadcrumb\":{\"@id\":\"https:\\\/\\\/parcboscdental.com\\\/especialidades\\\/ortodoncia\\\/#breadcrumb\"},\"inLanguage\":\"ca\",\"potentialAction\":[{\"@type\":\"ReadAction\",\"target\":[\"https:\\\/\\\/parcboscdental.com\\\/especialidades\\\/ortodoncia\\\/\"]}]},{\"@type\":\"ImageObject\",\"inLanguage\":\"ca\",\"@id\":\"https:\\\/\\\/parcboscdental.com\\\/especialidades\\\/ortodoncia\\\/#primaryimage\",\"url\":\"https:\\\/\\\/parcboscdental.com\\\/wp-content\\\/uploads\\\/2020\\\/08\\\/imagen-primera.jpg\",\"contentUrl\":\"https:\\\/\\\/parcboscdental.com\\\/wp-content\\\/uploads\\\/2020\\\/08\\\/imagen-primera.jpg\"},{\"@type\":\"BreadcrumbList\",\"@id\":\"https:\\\/\\\/parcboscdental.com\\\/especialidades\\\/ortodoncia\\\/#breadcrumb\",\"itemListElement\":[{\"@type\":\"ListItem\",\"position\":1,\"name\":\"Portada\",\"item\":\"https:\\\/\\\/parcboscdental.com\\\/\"},{\"@type\":\"ListItem\",\"position\":2,\"name\":\"Especialitats\",\"item\":\"https:\\\/\\\/parcboscdental.com\\\/especialidades\\\/\"},{\"@type\":\"ListItem\",\"position\":3,\"name\":\"Ortod\u00f2ncia\"}]},{\"@type\":\"WebSite\",\"@id\":\"https:\\\/\\\/parcboscdental.com\\\/#website\",\"url\":\"https:\\\/\\\/parcboscdental.com\\\/\",\"name\":\"Parc Bosc Dental\",\"description\":\"\",\"publisher\":{\"@id\":\"https:\\\/\\\/parcboscdental.com\\\/#organization\"},\"potentialAction\":[{\"@type\":\"SearchAction\",\"target\":{\"@type\":\"EntryPoint\",\"urlTemplate\":\"https:\\\/\\\/parcboscdental.com\\\/?s={search_term_string}\"},\"query-input\":{\"@type\":\"PropertyValueSpecification\",\"valueRequired\":true,\"valueName\":\"search_term_string\"}}],\"inLanguage\":\"ca\"},{\"@type\":\"Organization\",\"@id\":\"https:\\\/\\\/parcboscdental.com\\\/#organization\",\"name\":\"Parc Bosc Dental\",\"url\":\"https:\\\/\\\/parcboscdental.com\\\/\",\"logo\":{\"@type\":\"ImageObject\",\"inLanguage\":\"ca\",\"@id\":\"https:\\\/\\\/parcboscdental.com\\\/#\\\/schema\\\/logo\\\/image\\\/\",\"url\":\"https:\\\/\\\/parcboscdental.com\\\/wp-content\\\/uploads\\\/2023\\\/09\\\/logo.jpeg\",\"contentUrl\":\"https:\\\/\\\/parcboscdental.com\\\/wp-content\\\/uploads\\\/2023\\\/09\\\/logo.jpeg\",\"width\":930,\"height\":465,\"caption\":\"Parc Bosc Dental\"},\"image\":{\"@id\":\"https:\\\/\\\/parcboscdental.com\\\/#\\\/schema\\\/logo\\\/image\\\/\"}}]}<\/script>\n<!-- \/ Yoast SEO plugin. -->","yoast_head_json":{"title":"Ortod\u00f2ncia a Figueres | Parc Bosc Dental","description":"L'ortod\u00f2ncia \u00e9s una especialitat de l'odontologia que estudia, preveu i corregeix les alteracions del desenvolupament.","robots":{"index":"index","follow":"follow","max-snippet":"max-snippet:-1","max-image-preview":"max-image-preview:large","max-video-preview":"max-video-preview:-1"},"canonical":"https:\/\/parcboscdental.com\/especialidades\/ortodoncia\/","og_locale":"ca_ES","og_type":"article","og_title":"Ortod\u00f2ncia a Figueres | Parc Bosc Dental","og_description":"L'ortod\u00f2ncia \u00e9s una especialitat de l'odontologia que estudia, preveu i corregeix les alteracions del desenvolupament.","og_url":"https:\/\/parcboscdental.com\/especialidades\/ortodoncia\/","og_site_name":"Parc Bosc Dental","article_modified_time":"2021-01-18T14:11:42+00:00","og_image":[{"url":"https:\/\/parcboscdental.com\/wp-content\/uploads\/2020\/08\/imagen-primera.jpg","type":"","width":"","height":""}],"twitter_card":"summary_large_image","twitter_misc":{"Temps estimat de lectura":"10 minuts"},"schema":{"@context":"https:\/\/schema.org","@graph":[{"@type":"WebPage","@id":"https:\/\/parcboscdental.com\/especialidades\/ortodoncia\/","url":"https:\/\/parcboscdental.com\/especialidades\/ortodoncia\/","name":"Ortod\u00f2ncia a Figueres | Parc Bosc Dental","isPartOf":{"@id":"https:\/\/parcboscdental.com\/#website"},"primaryImageOfPage":{"@id":"https:\/\/parcboscdental.com\/especialidades\/ortodoncia\/#primaryimage"},"image":{"@id":"https:\/\/parcboscdental.com\/especialidades\/ortodoncia\/#primaryimage"},"thumbnailUrl":"https:\/\/parcboscdental.com\/wp-content\/uploads\/2020\/08\/imagen-primera.jpg","datePublished":"2020-09-28T09:36:28+00:00","dateModified":"2021-01-18T14:11:42+00:00","description":"L'ortod\u00f2ncia \u00e9s una especialitat de l'odontologia que estudia, preveu i corregeix les alteracions del desenvolupament.","breadcrumb":{"@id":"https:\/\/parcboscdental.com\/especialidades\/ortodoncia\/#breadcrumb"},"inLanguage":"ca","potentialAction":[{"@type":"ReadAction","target":["https:\/\/parcboscdental.com\/especialidades\/ortodoncia\/"]}]},{"@type":"ImageObject","inLanguage":"ca","@id":"https:\/\/parcboscdental.com\/especialidades\/ortodoncia\/#primaryimage","url":"https:\/\/parcboscdental.com\/wp-content\/uploads\/2020\/08\/imagen-primera.jpg","contentUrl":"https:\/\/parcboscdental.com\/wp-content\/uploads\/2020\/08\/imagen-primera.jpg"},{"@type":"BreadcrumbList","@id":"https:\/\/parcboscdental.com\/especialidades\/ortodoncia\/#breadcrumb","itemListElement":[{"@type":"ListItem","position":1,"name":"Portada","item":"https:\/\/parcboscdental.com\/"},{"@type":"ListItem","position":2,"name":"Especialitats","item":"https:\/\/parcboscdental.com\/especialidades\/"},{"@type":"ListItem","position":3,"name":"Ortod\u00f2ncia"}]},{"@type":"WebSite","@id":"https:\/\/parcboscdental.com\/#website","url":"https:\/\/parcboscdental.com\/","name":"Parc Bosc Dental","description":"","publisher":{"@id":"https:\/\/parcboscdental.com\/#organization"},"potentialAction":[{"@type":"SearchAction","target":{"@type":"EntryPoint","urlTemplate":"https:\/\/parcboscdental.com\/?s={search_term_string}"},"query-input":{"@type":"PropertyValueSpecification","valueRequired":true,"valueName":"search_term_string"}}],"inLanguage":"ca"},{"@type":"Organization","@id":"https:\/\/parcboscdental.com\/#organization","name":"Parc Bosc Dental","url":"https:\/\/parcboscdental.com\/","logo":{"@type":"ImageObject","inLanguage":"ca","@id":"https:\/\/parcboscdental.com\/#\/schema\/logo\/image\/","url":"https:\/\/parcboscdental.com\/wp-content\/uploads\/2023\/09\/logo.jpeg","contentUrl":"https:\/\/parcboscdental.com\/wp-content\/uploads\/2023\/09\/logo.jpeg","width":930,"height":465,"caption":"Parc Bosc Dental"},"image":{"@id":"https:\/\/parcboscdental.com\/#\/schema\/logo\/image\/"}}]}},"_links":{"self":[{"href":"https:\/\/parcboscdental.com\/ca\/wp-json\/wp\/v2\/pages\/3807","targetHints":{"allow":["GET"]}}],"collection":[{"href":"https:\/\/parcboscdental.com\/ca\/wp-json\/wp\/v2\/pages"}],"about":[{"href":"https:\/\/parcboscdental.com\/ca\/wp-json\/wp\/v2\/types\/page"}],"author":[{"embeddable":true,"href":"https:\/\/parcboscdental.com\/ca\/wp-json\/wp\/v2\/users\/1"}],"replies":[{"embeddable":true,"href":"https:\/\/parcboscdental.com\/ca\/wp-json\/wp\/v2\/comments?post=3807"}],"version-history":[{"count":0,"href":"https:\/\/parcboscdental.com\/ca\/wp-json\/wp\/v2\/pages\/3807\/revisions"}],"up":[{"embeddable":true,"href":"https:\/\/parcboscdental.com\/ca\/wp-json\/wp\/v2\/pages\/3785"}],"wp:attachment":[{"href":"https:\/\/parcboscdental.com\/ca\/wp-json\/wp\/v2\/media?parent=3807"}],"curies":[{"name":"wp","href":"https:\/\/api.w.org\/{rel}","templated":true}]}}